{"id":1142,"date":"2020-12-12T10:50:14","date_gmt":"2020-12-12T10:50:14","guid":{"rendered":"https:\/\/educativosmeninheira.com\/imprimibles\/?post_type=product&#038;p=1142"},"modified":"2025-01-03T11:02:52","modified_gmt":"2025-01-03T11:02:52","slug":"caderno-nadal-nenos","status":"publish","type":"product","link":"https:\/\/educativosmeninheira.com\/imprimibles\/producto\/caderno-nadal-nenos\/","title":{"rendered":"Caderno de Nadal para nenos"},"content":{"rendered":"<blockquote>\n<p style=\"text-align: center;\">O caderno de Nadal para nenos, representa um&#8217;ha fant\u00e1stica ferramenta para practicar<br \/>\na lectoescritura, a composici\u00f3n, etc. dum xeito diferente, divertido,<br \/>\nengadindo o feito de que converte estas o caderno num recordo precioso ao que voltar co pasar dos anos.<\/p>\n<\/blockquote>\n<p>&#8212;&#8212;&#8212;&#8212;&#8212;&#8212;&#8212;&#8212;&#8212;&#8212;&#8212;&#8212;&#8212;&#8212;&#8212;&#8212;&#8212;&#8212;&#8212;&#8212;&#8212;&#8212;&#8212;&#8212;&#8212;&#8212;&#8212;&#8212;&#8212;&#8212;&#8212;&#8212;&#8212;&#8212;&#8212;&#8212;&#8212;&#8212;&#8212;&#8212;&#8212;&#8212;&#8212;&#8211; O caderno est\u00e1 em Normativa RAG<\/p>\n<p style=\"text-align: center;\">\u2665 \u2665 \u2665 \u2665 \u2665 \u2665 \u2665 \u2665 \u2665 \u2665 \u2665 \u2665\u00a0 LISTAXE DE CONTIDOS DO ARQUIVO \u2665 \u2665 \u2665 \u2665 \u2665 \u2665 \u2665 \u2665 \u2665 \u2665 \u2665 \u2665<\/p>\n<p style=\"text-align: right;\">\u2665 Ideias para encher o caderno com mais materiais alheos ao imprim\u00edvel.<br \/>\n\u2665 Suxesti\u00f3ns de manualidades para facer estos d\u00edas.<br \/>\n\u2665 Calendario de advento para hacer en papel.<\/p>\n<p><strong>\u2665 As folhas do caderno son as seguintes:\u00a0<\/strong><br \/>\n1- Diario de ferias<br \/>\n2- Impresos de listas<br \/>\n3- Historia das postais de Nadal<br \/>\n4- Axenda de direcci\u00f3ns para apuntar a quem enviar as postais do Nadal<br \/>\n5- Historia da flor de Pascoa<br \/>\n6-Historia da \u00e1rvore de Nadal<br \/>\n7- Simbolog\u00eda de la decoraci\u00f3n m\u00e1s t\u00edpica del abeto navide\u00f1o<br \/>\n8- Listaxe dos enfeites da \u00e1rvore<br \/>\n9- Receitas de Nadal orixinarias de&#8230;<br \/>\n10- Receitas da familia<br \/>\n11- Historias familiares de Nadal<br \/>\n12- As nossas tradici\u00f3ns familiares<br \/>\n13-Listaxe de cousas para facer<br \/>\n14- O que mais me gusta do Nadal<br \/>\n15-Livros para ler no Nadal<br \/>\n16- Pel\u00edculas para ver no Nadal<br \/>\n17- Plantillas de p\u00e1xinas<br \/>\n18- Este Nadal paseino com&#8230;<br \/>\n19- Adicatorias e assinaturas<br \/>\n20- Calendario-Axenda<br \/>\n21- Debuxos para recortar e colar<br \/>\n22 &#8211; Actividades Manuais: Plantilla para elaborar taxjetas<br \/>\n23- Actividades Manuais: Plantilla para facer bolas de enfeito<br \/>\n24- Actividades Manuais: Plantilla para realizar un abeto de Nadal<br \/>\n25- Actividades Manuais: Plantilla para realizar un anxo, fada, boneco de Nadal<br \/>\n26- Actividades Manuais: Plantilla para realizar un boneco de neve<br \/>\n27- Actividades Manuais: Plantilla para realizar um&#8217;ha persoa de jengibre<br \/>\n28- Actividades Manuais: Flor de pascua<br \/>\n29- Actividades Manuais: Calendario de advento<\/p>\n<p style=\"text-align: center;\"><strong>En total, m\u00e1is de 40 p\u00e1xinas distintas con informaci\u00f3n para elaborar o teu Caderno de Nadal<\/strong><br \/>\n<strong>que pode ir medrando cada ano, convert\u00edndose num bonito recordo familiar.<\/strong><\/p>\n<p>Podes VER M\u00c1iS FOTOS do mesmo artigo nos links das outras linguas<\/p>\n<div class=\"gmail_default\" style=\"text-align: center;\">\n<div class=\"gmail_default\" style=\"text-align: center;\"><strong>.<\/strong><\/div>\n<h3 class=\"gmail_default\" style=\"text-align: left;\"><strong>\u273f <\/strong><strong>\u273f\u00a0<\/strong><strong>\u273f\u00a0<\/strong><strong>IMPORTANTE<\/strong><\/h3>\n<div class=\"gmail_default\" style=\"text-align: right;\"><strong>1. Isto \u00e9 un producto dixital<\/strong>, non se envia ning\u00fan produto f\u00edsico,<\/div>\n<div class=\"gmail_default\" style=\"text-align: right;\">unha vez completada a compra. Vaise proporcionar un link para descarregar o artigo mercado.<br \/>\n<strong>2. As cores podem muda<\/strong>r lixeiramente da pantalla \u00e1 impresi\u00f3n.<br \/>\n<strong>3. Fai o favor de nom partillar o PDF<\/strong>,<br \/>\nse algu\u00e9n te pide os arquivos, enviallo \u00e1 p\u00e1xina, Os produtos sao econ\u00f3micos.<\/div>\n<div class=\"gmail_default\" style=\"text-align: right;\"><strong>4.<\/strong> Poder\u00e1s descarregar o artigo cantas veces queiras.<\/div>\n<div class=\"gmail_default\" style=\"text-align: right;\">.<br \/>\n\u2665 \u00a1GRAZAS \u2665<br \/>\nEste traballo permite-me contribuir \u00e1 econom\u00eda dom\u00e9stica, axudando \u00e1 mi\u00f1a familia facendo o que gosto e partillando o tempo com eles.<\/div>\n<h2 class=\"gmail_default\" style=\"text-align: left;\"><strong>\u273f Nos somos <\/strong>ECONOM\u00cdA LOCAL&#8230; dixital.<\/h2>\n<\/div>\n","protected":false},"excerpt":{"rendered":"<p>O caderno de Nadal para nenos, representa um&#8217;ha fant\u00e1stica ferramenta para practicar a lectoescritura, a composici\u00f3n, etc. dum xeito diferente, divertido, engadindo o feito de que converte estas o caderno num recordo precioso ao que voltar co pasar dos anos. &#8212;&#8212;&#8212;&#8212;&#8212;&#8212;&#8212;&#8212;&#8212;&#8212;&#8212;&#8212;&#8212;&#8212;&#8212;&#8212;&#8212;&#8212;&#8212;&#8212;&#8212;&#8212;&#8212;&#8212;&#8212;&#8212;&#8212;&#8212;&#8212;&#8212;&#8212;&#8212;&#8212;&#8212;&#8212;&#8212;&#8212;&#8212;&#8212;&#8212;&#8212;&#8212;&#8212;&#8211; O caderno est\u00e1 em Normativa RAG \u2665 \u2665 \u2665 \u2665 \u2665 \u2665 \u2665 \u2665 [&hellip;]<\/p>\n","protected":false},"featured_media":1484,"comment_status":"open","ping_status":"closed","template":"","meta":{"site-sidebar-layout":"default","site-content-layout":"default","ast-site-content-layout":"default","site-content-style":"default","site-sidebar-style":"default","ast-global-header-display":"","ast-banner-title-visibility":"","ast-main-header-display":"","ast-hfb-above-header-display":"","ast-hfb-below-header-display":"","ast-hfb-mobile-header-display":"","site-post-title":"","ast-breadcrumbs-content":"","ast-featured-img":"","footer-sml-layout":"","theme-transparent-header-meta":"default","adv-header-id-meta":"","stick-header-meta":"","header-above-stick-meta":"","header-main-stick-meta":"","header-below-stick-meta":"","astra-migrate-meta-layouts":"set","ast-page-background-enabled":"default","ast-page-background-meta":{"desktop":{"background-color":"var(--ast-global-color-4)","background-image":"","background-repeat":"repeat","background-position":"center center","background-size":"auto","background-attachment":"scroll","background-type":"","background-media":"","overlay-type":"","overlay-color":"","overlay-gradient":""},"tablet":{"background-color":"","background-image":"","background-repeat":"repeat","background-position":"center center","background-size":"auto","background-attachment":"scroll","background-type":"","background-media":"","overlay-type":"","overlay-color":"","overlay-gradient":""},"mobile":{"background-color":"","background-image":"","background-repeat":"repeat","background-position":"center center","background-size":"auto","background-attachment":"scroll","background-type":"","background-media":"","overlay-type":"","overlay-color":"","overlay-gradient":""}},"ast-content-background-meta":{"desktop":{"background-color":"var(--ast-global-color-5)","background-image":"","background-repeat":"repeat","background-position":"center center","background-size":"auto","background-attachment":"scroll","background-type":"","background-media":"","overlay-type":"","overlay-color":"","overlay-gradient":""},"tablet":{"background-color":"var(--ast-global-color-5)","background-image":"","background-repeat":"repeat","background-position":"center center","background-size":"auto","background-attachment":"scroll","background-type":"","background-media":"","overlay-type":"","overlay-color":"","overlay-gradient":""},"mobile":{"background-color":"var(--ast-global-color-5)","background-image":"","background-repeat":"repeat","background-position":"center center","background-size":"auto","background-attachment":"scroll","background-type":"","background-media":"","overlay-type":"","overlay-color":"","overlay-gradient":""}}},"product_cat":[15,29,28,38],"product_tag":[],"class_list":{"0":"post-1142","1":"product","2":"type-product","3":"status-publish","4":"has-post-thumbnail","6":"product_cat-sin-categorizar","7":"product_cat-cuadernos","8":"product_cat-galego","9":"product_cat-navidad","10":"desktop-align-left","11":"tablet-align-left","12":"mobile-align-left","14":"first","15":"instock","16":"downloadable","17":"virtual","18":"taxable","19":"purchasable","20":"product-type-simple"},"yoast_head":"<!-- This site is optimized with the Yoast SEO plugin v22.4 - https:\/\/yoast.com\/wordpress\/plugins\/seo\/ -->\n<title>Caderno de Nadal para nenos - Educativos<\/title>\n<meta name=\"robots\" content=\"index, follow, max-snippet:-1, max-image-preview:large, max-video-preview:-1\" \/>\n<link rel=\"canonical\" href=\"https:\/\/educativosmeninheira.com\/imprimibles\/producto\/caderno-nadal-nenos\/\" \/>\n<meta property=\"og:locale\" content=\"es_ES\" \/>\n<meta property=\"og:type\" content=\"article\" \/>\n<meta property=\"og:title\" content=\"Caderno de Nadal para nenos - Educativos\" \/>\n<meta property=\"og:description\" content=\"O caderno de Nadal para nenos, representa um&#8217;ha fant\u00e1stica ferramenta para practicar a lectoescritura, a composici\u00f3n, etc. dum xeito diferente, divertido, engadindo o feito de que converte estas o caderno num recordo precioso ao que voltar co pasar dos anos. &#8212;&#8212;&#8212;&#8212;&#8212;&#8212;&#8212;&#8212;&#8212;&#8212;&#8212;&#8212;&#8212;&#8212;&#8212;&#8212;&#8212;&#8212;&#8212;&#8212;&#8212;&#8212;&#8212;&#8212;&#8212;&#8212;&#8212;&#8212;&#8212;&#8212;&#8212;&#8212;&#8212;&#8212;&#8212;&#8212;&#8212;&#8212;&#8212;&#8212;&#8212;&#8212;&#8212;&#8211; O caderno est\u00e1 em Normativa RAG \u2665 \u2665 \u2665 \u2665 \u2665 \u2665 \u2665 \u2665 [&hellip;]\" \/>\n<meta property=\"og:url\" content=\"https:\/\/educativosmeninheira.com\/imprimibles\/producto\/caderno-nadal-nenos\/\" \/>\n<meta property=\"og:site_name\" content=\"Educativos\" \/>\n<meta property=\"article:modified_time\" content=\"2025-01-03T11:02:52+00:00\" \/>\n<meta property=\"og:image\" content=\"https:\/\/educativosmeninheira.com\/imprimibles\/wp-content\/uploads\/2023\/12\/CADERNO-NADAL-1-1.jpg\" \/>\n\t<meta property=\"og:image:width\" content=\"1080\" \/>\n\t<meta property=\"og:image:height\" content=\"1080\" \/>\n\t<meta property=\"og:image:type\" content=\"image\/jpeg\" \/>\n<meta name=\"twitter:card\" content=\"summary_large_image\" \/>\n<meta name=\"twitter:label1\" content=\"Tiempo de lectura\" \/>\n\t<meta name=\"twitter:data1\" content=\"3 minutos\" \/>\n<script type=\"application\/ld+json\" class=\"yoast-schema-graph\">{\"@context\":\"https:\/\/schema.org\",\"@graph\":[{\"@type\":\"WebPage\",\"@id\":\"https:\/\/educativosmeninheira.com\/imprimibles\/producto\/caderno-nadal-nenos\/\",\"url\":\"https:\/\/educativosmeninheira.com\/imprimibles\/producto\/caderno-nadal-nenos\/\",\"name\":\"Caderno de Nadal para nenos - Educativos\",\"isPartOf\":{\"@id\":\"https:\/\/educativosmeninheira.com\/imprimibles\/#website\"},\"primaryImageOfPage\":{\"@id\":\"https:\/\/educativosmeninheira.com\/imprimibles\/producto\/caderno-nadal-nenos\/#primaryimage\"},\"image\":{\"@id\":\"https:\/\/educativosmeninheira.com\/imprimibles\/producto\/caderno-nadal-nenos\/#primaryimage\"},\"thumbnailUrl\":\"https:\/\/educativosmeninheira.com\/imprimibles\/wp-content\/uploads\/2023\/12\/CADERNO-NADAL-1-1.jpg\",\"datePublished\":\"2020-12-12T10:50:14+00:00\",\"dateModified\":\"2025-01-03T11:02:52+00:00\",\"breadcrumb\":{\"@id\":\"https:\/\/educativosmeninheira.com\/imprimibles\/producto\/caderno-nadal-nenos\/#breadcrumb\"},\"inLanguage\":\"es\",\"potentialAction\":[{\"@type\":\"ReadAction\",\"target\":[\"https:\/\/educativosmeninheira.com\/imprimibles\/producto\/caderno-nadal-nenos\/\"]}]},{\"@type\":\"ImageObject\",\"inLanguage\":\"es\",\"@id\":\"https:\/\/educativosmeninheira.com\/imprimibles\/producto\/caderno-nadal-nenos\/#primaryimage\",\"url\":\"https:\/\/educativosmeninheira.com\/imprimibles\/wp-content\/uploads\/2023\/12\/CADERNO-NADAL-1-1.jpg\",\"contentUrl\":\"https:\/\/educativosmeninheira.com\/imprimibles\/wp-content\/uploads\/2023\/12\/CADERNO-NADAL-1-1.jpg\",\"width\":1080,\"height\":1080},{\"@type\":\"BreadcrumbList\",\"@id\":\"https:\/\/educativosmeninheira.com\/imprimibles\/producto\/caderno-nadal-nenos\/#breadcrumb\",\"itemListElement\":[{\"@type\":\"ListItem\",\"position\":1,\"name\":\"Home\",\"item\":\"https:\/\/educativosmeninheira.com\/imprimibles\/\"},{\"@type\":\"ListItem\",\"position\":2,\"name\":\"Tienda\",\"item\":\"https:\/\/educativosmeninheira.com\/imprimibles\/tienda\/\"},{\"@type\":\"ListItem\",\"position\":3,\"name\":\"Caderno de Nadal para nenos\"}]},{\"@type\":\"WebSite\",\"@id\":\"https:\/\/educativosmeninheira.com\/imprimibles\/#website\",\"url\":\"https:\/\/educativosmeninheira.com\/imprimibles\/\",\"name\":\"Educativos\",\"description\":\"\",\"publisher\":{\"@id\":\"https:\/\/educativosmeninheira.com\/imprimibles\/#organization\"},\"potentialAction\":[{\"@type\":\"SearchAction\",\"target\":{\"@type\":\"EntryPoint\",\"urlTemplate\":\"https:\/\/educativosmeninheira.com\/imprimibles\/?s={search_term_string}\"},\"query-input\":\"required name=search_term_string\"}],\"inLanguage\":\"es\"},{\"@type\":\"Organization\",\"@id\":\"https:\/\/educativosmeninheira.com\/imprimibles\/#organization\",\"name\":\"Educativos\",\"url\":\"https:\/\/educativosmeninheira.com\/imprimibles\/\",\"logo\":{\"@type\":\"ImageObject\",\"inLanguage\":\"es\",\"@id\":\"https:\/\/educativosmeninheira.com\/imprimibles\/#\/schema\/logo\/image\/\",\"url\":\"https:\/\/educativosmeninheira.com\/imprimibles\/wp-content\/uploads\/2024\/03\/LOGO-Educativos-meninheira.png\",\"contentUrl\":\"https:\/\/educativosmeninheira.com\/imprimibles\/wp-content\/uploads\/2024\/03\/LOGO-Educativos-meninheira.png\",\"width\":2194,\"height\":2145,\"caption\":\"Educativos\"},\"image\":{\"@id\":\"https:\/\/educativosmeninheira.com\/imprimibles\/#\/schema\/logo\/image\/\"}}]}<\/script>\n<!-- \/ Yoast SEO plugin. -->","yoast_head_json":{"title":"Caderno de Nadal para nenos - Educativos","robots":{"index":"index","follow":"follow","max-snippet":"max-snippet:-1","max-image-preview":"max-image-preview:large","max-video-preview":"max-video-preview:-1"},"canonical":"https:\/\/educativosmeninheira.com\/imprimibles\/producto\/caderno-nadal-nenos\/","og_locale":"es_ES","og_type":"article","og_title":"Caderno de Nadal para nenos - Educativos","og_description":"O caderno de Nadal para nenos, representa um&#8217;ha fant\u00e1stica ferramenta para practicar a lectoescritura, a composici\u00f3n, etc. dum xeito diferente, divertido, engadindo o feito de que converte estas o caderno num recordo precioso ao que voltar co pasar dos anos. &#8212;&#8212;&#8212;&#8212;&#8212;&#8212;&#8212;&#8212;&#8212;&#8212;&#8212;&#8212;&#8212;&#8212;&#8212;&#8212;&#8212;&#8212;&#8212;&#8212;&#8212;&#8212;&#8212;&#8212;&#8212;&#8212;&#8212;&#8212;&#8212;&#8212;&#8212;&#8212;&#8212;&#8212;&#8212;&#8212;&#8212;&#8212;&#8212;&#8212;&#8212;&#8212;&#8212;&#8211; O caderno est\u00e1 em Normativa RAG \u2665 \u2665 \u2665 \u2665 \u2665 \u2665 \u2665 \u2665 [&hellip;]","og_url":"https:\/\/educativosmeninheira.com\/imprimibles\/producto\/caderno-nadal-nenos\/","og_site_name":"Educativos","article_modified_time":"2025-01-03T11:02:52+00:00","og_image":[{"width":1080,"height":1080,"url":"https:\/\/educativosmeninheira.com\/imprimibles\/wp-content\/uploads\/2023\/12\/CADERNO-NADAL-1-1.jpg","type":"image\/jpeg"}],"twitter_card":"summary_large_image","twitter_misc":{"Tiempo de lectura":"3 minutos"},"schema":{"@context":"https:\/\/schema.org","@graph":[{"@type":"WebPage","@id":"https:\/\/educativosmeninheira.com\/imprimibles\/producto\/caderno-nadal-nenos\/","url":"https:\/\/educativosmeninheira.com\/imprimibles\/producto\/caderno-nadal-nenos\/","name":"Caderno de Nadal para nenos - Educativos","isPartOf":{"@id":"https:\/\/educativosmeninheira.com\/imprimibles\/#website"},"primaryImageOfPage":{"@id":"https:\/\/educativosmeninheira.com\/imprimibles\/producto\/caderno-nadal-nenos\/#primaryimage"},"image":{"@id":"https:\/\/educativosmeninheira.com\/imprimibles\/producto\/caderno-nadal-nenos\/#primaryimage"},"thumbnailUrl":"https:\/\/educativosmeninheira.com\/imprimibles\/wp-content\/uploads\/2023\/12\/CADERNO-NADAL-1-1.jpg","datePublished":"2020-12-12T10:50:14+00:00","dateModified":"2025-01-03T11:02:52+00:00","breadcrumb":{"@id":"https:\/\/educativosmeninheira.com\/imprimibles\/producto\/caderno-nadal-nenos\/#breadcrumb"},"inLanguage":"es","potentialAction":[{"@type":"ReadAction","target":["https:\/\/educativosmeninheira.com\/imprimibles\/producto\/caderno-nadal-nenos\/"]}]},{"@type":"ImageObject","inLanguage":"es","@id":"https:\/\/educativosmeninheira.com\/imprimibles\/producto\/caderno-nadal-nenos\/#primaryimage","url":"https:\/\/educativosmeninheira.com\/imprimibles\/wp-content\/uploads\/2023\/12\/CADERNO-NADAL-1-1.jpg","contentUrl":"https:\/\/educativosmeninheira.com\/imprimibles\/wp-content\/uploads\/2023\/12\/CADERNO-NADAL-1-1.jpg","width":1080,"height":1080},{"@type":"BreadcrumbList","@id":"https:\/\/educativosmeninheira.com\/imprimibles\/producto\/caderno-nadal-nenos\/#breadcrumb","itemListElement":[{"@type":"ListItem","position":1,"name":"Home","item":"https:\/\/educativosmeninheira.com\/imprimibles\/"},{"@type":"ListItem","position":2,"name":"Tienda","item":"https:\/\/educativosmeninheira.com\/imprimibles\/tienda\/"},{"@type":"ListItem","position":3,"name":"Caderno de Nadal para nenos"}]},{"@type":"WebSite","@id":"https:\/\/educativosmeninheira.com\/imprimibles\/#website","url":"https:\/\/educativosmeninheira.com\/imprimibles\/","name":"Educativos","description":"","publisher":{"@id":"https:\/\/educativosmeninheira.com\/imprimibles\/#organization"},"potentialAction":[{"@type":"SearchAction","target":{"@type":"EntryPoint","urlTemplate":"https:\/\/educativosmeninheira.com\/imprimibles\/?s={search_term_string}"},"query-input":"required name=search_term_string"}],"inLanguage":"es"},{"@type":"Organization","@id":"https:\/\/educativosmeninheira.com\/imprimibles\/#organization","name":"Educativos","url":"https:\/\/educativosmeninheira.com\/imprimibles\/","logo":{"@type":"ImageObject","inLanguage":"es","@id":"https:\/\/educativosmeninheira.com\/imprimibles\/#\/schema\/logo\/image\/","url":"https:\/\/educativosmeninheira.com\/imprimibles\/wp-content\/uploads\/2024\/03\/LOGO-Educativos-meninheira.png","contentUrl":"https:\/\/educativosmeninheira.com\/imprimibles\/wp-content\/uploads\/2024\/03\/LOGO-Educativos-meninheira.png","width":2194,"height":2145,"caption":"Educativos"},"image":{"@id":"https:\/\/educativosmeninheira.com\/imprimibles\/#\/schema\/logo\/image\/"}}]}},"_links":{"self":[{"href":"https:\/\/educativosmeninheira.com\/imprimibles\/wp-json\/wp\/v2\/product\/1142","targetHints":{"allow":["GET"]}}],"collection":[{"href":"https:\/\/educativosmeninheira.com\/imprimibles\/wp-json\/wp\/v2\/product"}],"about":[{"href":"https:\/\/educativosmeninheira.com\/imprimibles\/wp-json\/wp\/v2\/types\/product"}],"replies":[{"embeddable":true,"href":"https:\/\/educativosmeninheira.com\/imprimibles\/wp-json\/wp\/v2\/comments?post=1142"}],"wp:featuredmedia":[{"embeddable":true,"href":"https:\/\/educativosmeninheira.com\/imprimibles\/wp-json\/wp\/v2\/media\/1484"}],"wp:attachment":[{"href":"https:\/\/educativosmeninheira.com\/imprimibles\/wp-json\/wp\/v2\/media?parent=1142"}],"wp:term":[{"taxonomy":"product_cat","embeddable":true,"href":"https:\/\/educativosmeninheira.com\/imprimibles\/wp-json\/wp\/v2\/product_cat?post=1142"},{"taxonomy":"product_tag","embeddable":true,"href":"https:\/\/educativosmeninheira.com\/imprimibles\/wp-json\/wp\/v2\/product_tag?post=1142"}],"curies":[{"name":"wp","href":"https:\/\/api.w.org\/{rel}","templated":true}]}}